{"id":25258,"date":"2025-02-25T11:56:14","date_gmt":"2025-02-25T10:56:14","guid":{"rendered":"https:\/\/www.socialfootballsummit.com\/sfs-snack\/vila-real\/"},"modified":"2025-04-16T09:45:12","modified_gmt":"2025-04-16T07:45:12","slug":"vila-real","status":"publish","type":"page","link":"https:\/\/www.socialfootballsummit.com\/it\/sfs-snack\/vila-real\/","title":{"rendered":"Vila Real"},"content":{"rendered":"<div class=\"wpb-content-wrapper\"><p>[vc_row el_id=&#8221;duecolonne-home&#8221;][vc_column][vc_row_inner equal_height=&#8221;yes&#8221; simple_background_color=&#8221;#dddddd&#8221;][vc_column_inner width=&#8221;1\/2&#8243; css=&#8221;.vc_custom_1716816267724{padding-top: 150px !important;padding-right: 115px !important;padding-bottom: 150px !important;padding-left: 115px !important;background-color: #ffffff !important;}&#8221;]<div class=\"qodef-section-title-holder   qodef-st-title-left qodef-st-normal-space qodef-st-with-animation\" style=\"text-align: left\">\n\t<div class=\"qodef-st-inner\">\n\t\t\t\t\t\t\t<div class=\"qodef-st-title-wrapper\">\n\t\t\t\t<h5 class=\"qodef-st-title\" style=\"color: #352c82\">\n\t\t\t\t\t15 Aprile\t\t\t\t<\/h5>\n\t\t\t<\/div>\n\t\t\t\t\t<\/div>\n<\/div>[vc_empty_space height=&#8221;10px&#8221;]<div class=\"qodef-section-title-holder   qodef-st-title-left qodef-st-normal-space qodef-st-with-animation\" style=\"text-align: left\">\n\t<div class=\"qodef-st-inner\">\n\t\t\t\t\t\t\t<div class=\"qodef-st-title-wrapper\">\n\t\t\t\t<h3 class=\"qodef-st-title\" style=\"color: #352c82\">\n\t\t\t\t\tCalcio, Infrastrutture e Sviluppo Urbano\t\t\t\t<\/h3>\n\t\t\t<\/div>\n\t\t\t\t\t<\/div>\n<\/div>[vc_empty_space height=&#8221;15px&#8221;][vc_column_text css=&#8221;.vc_custom_1744724222407{margin-top: 15px !important;}&#8221;]<strong>SFS Snack Vila-real<\/strong> sar\u00e0 un <strong>punto di riferimento<\/strong> per il dibattito sul <strong>rapporto tra infrastrutture calcistiche e sviluppo urbano<\/strong>. Ospitato nell\u2019iconico <strong>Estadio de la Cer\u00e1mica<\/strong>, l\u2019evento metter\u00e0 in evidenza come gli investimenti negli stadi possano favorire la crescita economica, rafforzare l\u2019identit\u00e0 cittadina e contribuire alla rigenerazione urbana.<\/p>\n<p>La ristrutturazione della casa del Villarreal CF \u00e8 un esempio concreto di come l\u2019ammodernamento delle strutture sportive possa attrarre imprese, rilanciare il commercio locale e migliorare il coinvolgimento della comunit\u00e0. Esperti e leader del settore analizzeranno temi chiave come <strong>gli investimenti in infrastrutture e l\u2019importanza strategica dell\u2019integrazione tra le strutture del club e la citt\u00e0<\/strong>, <strong>i benefici economici a lungo termine derivanti dallo sviluppo degli stadi<\/strong> e <strong>il ruolo dell\u2019accessibilit\u00e0 nel migliorare il coinvolgimento della comunit\u00e0<\/strong>.<\/p>\n<p>&nbsp;<\/p>\n<p><strong>Luogo:<\/strong>\u00a0Estadio de la Cer\u00e1mica, Carrer Blasco Ib\u00e1\u00f1ez, 2, 12540 Vila-real, Castell\u00f3, Spagna[\/vc_column_text][\/vc_column_inner][vc_column_inner width=&#8221;1\/2&#8243; css=&#8221;.vc_custom_1742470332116{margin-top: px !important;background-image: url(https:\/\/www.socialfootballsummit.com\/wp-content\/uploads\/2025\/03\/SFSSnack_villareal_sfondo-sito_01-1.png?id=25424) !important;background-position: center !important;background-repeat: no-repeat !important;background-size: cover !important;}&#8221;][vc_empty_space height=&#8221;300px&#8221;][\/vc_column_inner][\/vc_row_inner][\/vc_column][\/vc_row][vc_row disable_element=&#8221;yes&#8221;][vc_column][vc_row_inner row_content_width=&#8221;grid&#8221;][vc_column_inner width=&#8221;5\/6&#8243;][vc_empty_space height=&#8221;80px&#8221;]<div class=\"qodef-section-title-holder   qodef-st-title-left qodef-st-normal-space qodef-st-with-animation\" >\n\t<div class=\"qodef-st-inner\">\n\t\t\t\t\t\t\t<div class=\"qodef-st-title-wrapper\">\n\t\t\t\t<h2 class=\"qodef-st-title\" style=\"color: #352c82\">\n\t\t\t\t\tProgramma\t\t\t\t<\/h2>\n\t\t\t<\/div>\n\t\t\t\t\t<\/div>\n<\/div>[vc_empty_space height=&#8221;20px&#8221;]<div class=\"qodef-section-title-holder   qodef-st-title-left qodef-st-normal-space qodef-st-with-animation\" >\n\t<div class=\"qodef-st-inner\">\n\t\t\t\t\t\t\t\t\t<div class=\"qodef-st-text-wrapper\">\n\t\t\t\t<h5 class=\"qodef-st-text\" >\n\t\t\t\t\tPROSSIMAMENTE\t\t\t\t<\/h5>\n\t\t\t<\/div>\n\t\t\t<\/div>\n<\/div>[\/vc_column_inner][vc_column_inner width=&#8221;1\/6&#8243;][\/vc_column_inner][\/vc_row_inner][vc_empty_space height=&#8221;80px&#8221;][\/vc_column][\/vc_row][vc_row][vc_column][vc_row_inner row_content_width=&#8221;grid&#8221;][vc_column_inner][vc_empty_space height=&#8221;80px&#8221;]<div class=\"qodef-section-title-holder   qodef-st-title-left qodef-st-normal-space qodef-st-with-animation\" >\n\t<div class=\"qodef-st-inner\">\n\t\t\t\t\t\t\t<div class=\"qodef-st-title-wrapper\">\n\t\t\t\t<h2 class=\"qodef-st-title\" style=\"color: #000000\">\n\t\t\t\t\tProgramma\t\t\t\t<\/h2>\n\t\t\t<\/div>\n\t\t\t\t\t<\/div>\n<\/div>[vc_empty_space height=&#8221;20px&#8221;][vc_column_text css=&#8221;.vc_custom_1744104688284{margin-top: 15px !important;}&#8221;]<strong>11:00 \u2013 11:10\u00a0<\/strong><br \/>\n<span style=\"font-weight: 400;\">Intro<\/span><br \/>\n<strong>MATTEO QUITADAMO<\/strong>\u00a0&#8211; <em>Business Developer &#8211; <strong>SFS<\/strong><\/em><br \/>\n<strong>BRANDON PARAMO<\/strong>\u00a0&#8211; <em>International Business Manager &#8211; <strong>Villarreal CF<\/strong><\/em><\/p>\n<hr \/>\n<p><strong>11:15 &#8211; 11:50<br \/>\n<\/strong><span style=\"font-weight: 400;\">L&#8217;importanza strategica dello stadio nella crescita del club sportivo<\/span><\/p>\n<p><strong>BRANDON PARAMO<\/strong> &#8211; <em>International Business Manager &#8211; <strong>Villarreal CF<\/strong><\/em><br \/>\n<strong>MERCEDES ROIG<\/strong> &#8211; <em>Commercial Director &#8211; <strong>Valencia Basket<\/strong><\/em><br \/>\n<strong>PEDRO IRIONDO<\/strong> &#8211; <em>Managing Director &#8211; <strong>Football Benchmark<\/strong><\/em><\/p>\n<hr \/>\n<p><strong>11:55 \u2013 12:25<br \/>\n<\/strong><span style=\"font-weight: 400;\">Stadi e oltre: promuovere la crescita commerciale, le partnership e le comunit\u00e0 di business incentrate sui tifosi<\/span><\/p>\n<p><strong>JUAN ANT\u00d3N<\/strong> &#8211; <em>Commercial Director &#8211; <strong>Villarreal CF<\/strong><\/em><br \/>\n<strong>MIRKO CUCCHIARELLI<\/strong> &#8211; <em>Head of Premium Sales &amp; Business Community &#8211; <strong>AS Roma<\/strong><\/em><\/p>\n<hr \/>\n<p><strong>12:30 \u2013 13:00\u00a0<\/strong><br \/>\n<span style=\"font-weight: 400;\">Strategie innovative per l&#8217;attivazione del marchio negli stadi di calcio: massimizzare l&#8217;impatto della sponsorizzazione<\/span><\/p>\n<p><strong>NOEMI UBENDA<\/strong><em> &#8211; Marketing and Communication Manager &#8211; <strong>Ascale<\/strong><br \/>\n<\/em><strong>JUAN ANT\u00d3N<\/strong><em> &#8211; Commercial Director &#8211; <strong>Villarreal CF<\/strong><\/em><\/p>\n<hr \/>\n<p><strong>13:10<br \/>\n<\/strong>Light Lunch<\/p>\n<hr \/>\n<p><strong>14:30<br \/>\n<\/strong>Tour dello stadio[\/vc_column_text][\/vc_column_inner][\/vc_row_inner][vc_empty_space height=&#8221;80px&#8221;][\/vc_column][\/vc_row][vc_row row_content_width=&#8221;grid&#8221;][vc_column][vc_row_inner row_content_width=&#8221;grid&#8221; css=&#8221;.vc_custom_1716816283146{margin-top: 75px !important;margin-bottom: 30px !important;}&#8221;][vc_column_inner]<div class=\"qodef-section-title-holder   qodef-st-title-left qodef-st-normal-space qodef-st-with-animation\" >\n\t<div class=\"qodef-st-inner\">\n\t\t\t\t\t\t\t<div class=\"qodef-st-title-wrapper\">\n\t\t\t\t<h2 class=\"qodef-st-title\" style=\"color: #352c82\">\n\t\t\t\t\tRivivi l'evento\t\t\t\t<\/h2>\n\t\t\t<\/div>\n\t\t\t\t\t<\/div>\n<\/div>[\/vc_column_inner][\/vc_row_inner][vc_video link=&#8221;https:\/\/www.youtube.com\/watch?v=kb5b84YSgI4&#8243; css=&#8221;&#8221;][vc_empty_space height=&#8221;50&#8243;][\/vc_column][\/vc_row][vc_row row_content_width=&#8221;grid&#8221;][vc_column][vc_row_inner row_content_width=&#8221;grid&#8221; css=&#8221;.vc_custom_1716816283146{margin-top: 75px !important;margin-bottom: 30px !important;}&#8221;][vc_column_inner]<div class=\"qodef-section-title-holder   qodef-st-title-left qodef-st-normal-space qodef-st-with-animation\" >\n\t<div class=\"qodef-st-inner\">\n\t\t\t\t\t\t\t<div class=\"qodef-st-title-wrapper\">\n\t\t\t\t<h2 class=\"qodef-st-title\" style=\"color: #352c82\">\n\t\t\t\t\tgallery\t\t\t\t<\/h2>\n\t\t\t<\/div>\n\t\t\t\t\t<\/div>\n<\/div>[\/vc_column_inner][\/vc_row_inner]<div class=\"qodef-image-gallery qodef-grid-list qodef-grid-masonry-list qodef-disable-bottom-space  qodef-ig-masonry-type qodef-three-columns qodef-small-space  qodef-image-behavior-lightbox\">\n\t<div class=\"qodef-ig-inner qodef-outer-space qodef-masonry-list-wrapper\">\n\t\t<div class=\"qodef-masonry-grid-sizer\"><\/div>\n\t\t<div class=\"qodef-masonry-grid-gutter\"><\/div>\n\t\t\t\t\t\t\t\t<div class=\"qodef-ig-image qodef-item-space \">\n\t\t\t\t<div class=\"qodef-ig-image-inner\">\n\t\t\t\t\t\t\t\t\t\t\t<a itemprop=\"image\" class=\"qodef-ig-lightbox\" href=\"https:\/\/www.socialfootballsummit.com\/wp-content\/uploads\/2025\/04\/SFS-Villareal-9.jpg\" data-rel=\"prettyPhoto[image_gallery_pretty_photo-233]\" title=\"SFS-Villareal (9)\">\n\t\t\t\t\t\t\t\t\t\t\t<img loading=\"lazy\" decoding=\"async\" width=\"1200\" height=\"630\" src=\"https:\/\/www.socialfootballsummit.com\/wp-content\/uploads\/2025\/04\/SFS-Villareal-9.jpg\" class=\"attachment-full size-full\" alt=\"SFS Vila Real\" srcset=\"https:\/\/www.socialfootballsummit.com\/wp-content\/uploads\/2025\/04\/SFS-Villareal-9.jpg 1200w, https:\/\/www.socialfootballsummit.com\/wp-content\/uploads\/2025\/04\/SFS-Villareal-9-300x158.jpg 300w, https:\/\/www.socialfootballsummit.com\/wp-content\/uploads\/2025\/04\/SFS-Villareal-9-1024x538.jpg 1024w, https:\/\/www.socialfootballsummit.com\/wp-content\/uploads\/2025\/04\/SFS-Villareal-9-768x403.jpg 768w\" sizes=\"auto, (max-width: 1200px) 100vw, 1200px\" \/>\t\t\t\t\t\t\t\t\t\t\t<\/a>\n\t\t\t\t\t\t\t\t\t<\/div>\n\t\t\t<\/div>\n\t\t\t\t\t\t\t\t<div class=\"qodef-ig-image qodef-item-space \">\n\t\t\t\t<div class=\"qodef-ig-image-inner\">\n\t\t\t\t\t\t\t\t\t\t\t<a itemprop=\"image\" class=\"qodef-ig-lightbox\" href=\"https:\/\/www.socialfootballsummit.com\/wp-content\/uploads\/2025\/04\/SFS-Villareal-10.jpg\" data-rel=\"prettyPhoto[image_gallery_pretty_photo-233]\" title=\"SFS-Villareal (10)\">\n\t\t\t\t\t\t\t\t\t\t\t<img loading=\"lazy\" decoding=\"async\" width=\"1200\" height=\"630\" src=\"https:\/\/www.socialfootballsummit.com\/wp-content\/uploads\/2025\/04\/SFS-Villareal-10.jpg\" class=\"attachment-full size-full\" alt=\"SFS Vila Real\" srcset=\"https:\/\/www.socialfootballsummit.com\/wp-content\/uploads\/2025\/04\/SFS-Villareal-10.jpg 1200w, https:\/\/www.socialfootballsummit.com\/wp-content\/uploads\/2025\/04\/SFS-Villareal-10-300x158.jpg 300w, https:\/\/www.socialfootballsummit.com\/wp-content\/uploads\/2025\/04\/SFS-Villareal-10-1024x538.jpg 1024w, https:\/\/www.socialfootballsummit.com\/wp-content\/uploads\/2025\/04\/SFS-Villareal-10-768x403.jpg 768w\" sizes=\"auto, (max-width: 1200px) 100vw, 1200px\" \/>\t\t\t\t\t\t\t\t\t\t\t<\/a>\n\t\t\t\t\t\t\t\t\t<\/div>\n\t\t\t<\/div>\n\t\t\t\t\t\t\t\t<div class=\"qodef-ig-image qodef-item-space \">\n\t\t\t\t<div class=\"qodef-ig-image-inner\">\n\t\t\t\t\t\t\t\t\t\t\t<a itemprop=\"image\" class=\"qodef-ig-lightbox\" href=\"https:\/\/www.socialfootballsummit.com\/wp-content\/uploads\/2025\/04\/SFS-Villareal-11.jpg\" data-rel=\"prettyPhoto[image_gallery_pretty_photo-233]\" title=\"SFS-Villareal (11)\">\n\t\t\t\t\t\t\t\t\t\t\t<img loading=\"lazy\" decoding=\"async\" width=\"1200\" height=\"630\" src=\"https:\/\/www.socialfootballsummit.com\/wp-content\/uploads\/2025\/04\/SFS-Villareal-11.jpg\" class=\"attachment-full size-full\" alt=\"SFS Vila Real\" srcset=\"https:\/\/www.socialfootballsummit.com\/wp-content\/uploads\/2025\/04\/SFS-Villareal-11.jpg 1200w, https:\/\/www.socialfootballsummit.com\/wp-content\/uploads\/2025\/04\/SFS-Villareal-11-300x158.jpg 300w, https:\/\/www.socialfootballsummit.com\/wp-content\/uploads\/2025\/04\/SFS-Villareal-11-1024x538.jpg 1024w, https:\/\/www.socialfootballsummit.com\/wp-content\/uploads\/2025\/04\/SFS-Villareal-11-768x403.jpg 768w\" sizes=\"auto, (max-width: 1200px) 100vw, 1200px\" \/>\t\t\t\t\t\t\t\t\t\t\t<\/a>\n\t\t\t\t\t\t\t\t\t<\/div>\n\t\t\t<\/div>\n\t\t\t\t\t\t\t\t<div class=\"qodef-ig-image qodef-item-space \">\n\t\t\t\t<div class=\"qodef-ig-image-inner\">\n\t\t\t\t\t\t\t\t\t\t\t<a itemprop=\"image\" class=\"qodef-ig-lightbox\" href=\"https:\/\/www.socialfootballsummit.com\/wp-content\/uploads\/2025\/04\/SFS-Villareal-12.jpg\" data-rel=\"prettyPhoto[image_gallery_pretty_photo-233]\" title=\"SFS-Villareal (12)\">\n\t\t\t\t\t\t\t\t\t\t\t<img loading=\"lazy\" decoding=\"async\" width=\"1200\" height=\"630\" src=\"https:\/\/www.socialfootballsummit.com\/wp-content\/uploads\/2025\/04\/SFS-Villareal-12.jpg\" class=\"attachment-full size-full\" alt=\"SFS Vila Real\" srcset=\"https:\/\/www.socialfootballsummit.com\/wp-content\/uploads\/2025\/04\/SFS-Villareal-12.jpg 1200w, https:\/\/www.socialfootballsummit.com\/wp-content\/uploads\/2025\/04\/SFS-Villareal-12-300x158.jpg 300w, https:\/\/www.socialfootballsummit.com\/wp-content\/uploads\/2025\/04\/SFS-Villareal-12-1024x538.jpg 1024w, https:\/\/www.socialfootballsummit.com\/wp-content\/uploads\/2025\/04\/SFS-Villareal-12-768x403.jpg 768w\" sizes=\"auto, (max-width: 1200px) 100vw, 1200px\" \/>\t\t\t\t\t\t\t\t\t\t\t<\/a>\n\t\t\t\t\t\t\t\t\t<\/div>\n\t\t\t<\/div>\n\t\t\t\t\t\t\t\t<div class=\"qodef-ig-image qodef-item-space \">\n\t\t\t\t<div class=\"qodef-ig-image-inner\">\n\t\t\t\t\t\t\t\t\t\t\t<a itemprop=\"image\" class=\"qodef-ig-lightbox\" href=\"https:\/\/www.socialfootballsummit.com\/wp-content\/uploads\/2025\/04\/SFS-Villareal-13.jpg\" data-rel=\"prettyPhoto[image_gallery_pretty_photo-233]\" title=\"SFS-Villareal (13)\">\n\t\t\t\t\t\t\t\t\t\t\t<img loading=\"lazy\" decoding=\"async\" width=\"1200\" height=\"630\" src=\"https:\/\/www.socialfootballsummit.com\/wp-content\/uploads\/2025\/04\/SFS-Villareal-13.jpg\" class=\"attachment-full size-full\" alt=\"SFS Vila Real\" srcset=\"https:\/\/www.socialfootballsummit.com\/wp-content\/uploads\/2025\/04\/SFS-Villareal-13.jpg 1200w, https:\/\/www.socialfootballsummit.com\/wp-content\/uploads\/2025\/04\/SFS-Villareal-13-300x158.jpg 300w, https:\/\/www.socialfootballsummit.com\/wp-content\/uploads\/2025\/04\/SFS-Villareal-13-1024x538.jpg 1024w, https:\/\/www.socialfootballsummit.com\/wp-content\/uploads\/2025\/04\/SFS-Villareal-13-768x403.jpg 768w\" sizes=\"auto, (max-width: 1200px) 100vw, 1200px\" \/>\t\t\t\t\t\t\t\t\t\t\t<\/a>\n\t\t\t\t\t\t\t\t\t<\/div>\n\t\t\t<\/div>\n\t\t\t\t\t\t\t\t<div class=\"qodef-ig-image qodef-item-space \">\n\t\t\t\t<div class=\"qodef-ig-image-inner\">\n\t\t\t\t\t\t\t\t\t\t\t<a itemprop=\"image\" class=\"qodef-ig-lightbox\" href=\"https:\/\/www.socialfootballsummit.com\/wp-content\/uploads\/2025\/04\/SFS-Villareal-14.jpg\" data-rel=\"prettyPhoto[image_gallery_pretty_photo-233]\" title=\"SFS-Villareal (14)\">\n\t\t\t\t\t\t\t\t\t\t\t<img loading=\"lazy\" decoding=\"async\" width=\"1200\" height=\"630\" src=\"https:\/\/www.socialfootballsummit.com\/wp-content\/uploads\/2025\/04\/SFS-Villareal-14.jpg\" class=\"attachment-full size-full\" alt=\"SFS Vila Real\" srcset=\"https:\/\/www.socialfootballsummit.com\/wp-content\/uploads\/2025\/04\/SFS-Villareal-14.jpg 1200w, https:\/\/www.socialfootballsummit.com\/wp-content\/uploads\/2025\/04\/SFS-Villareal-14-300x158.jpg 300w, https:\/\/www.socialfootballsummit.com\/wp-content\/uploads\/2025\/04\/SFS-Villareal-14-1024x538.jpg 1024w, https:\/\/www.socialfootballsummit.com\/wp-content\/uploads\/2025\/04\/SFS-Villareal-14-768x403.jpg 768w\" sizes=\"auto, (max-width: 1200px) 100vw, 1200px\" \/>\t\t\t\t\t\t\t\t\t\t\t<\/a>\n\t\t\t\t\t\t\t\t\t<\/div>\n\t\t\t<\/div>\n\t\t\t\t\t\t\t\t<div class=\"qodef-ig-image qodef-item-space \">\n\t\t\t\t<div class=\"qodef-ig-image-inner\">\n\t\t\t\t\t\t\t\t\t\t\t<a itemprop=\"image\" class=\"qodef-ig-lightbox\" href=\"https:\/\/www.socialfootballsummit.com\/wp-content\/uploads\/2025\/04\/SFS-Villareal-15.jpg\" data-rel=\"prettyPhoto[image_gallery_pretty_photo-233]\" title=\"SFS-Villareal (15)\">\n\t\t\t\t\t\t\t\t\t\t\t<img loading=\"lazy\" decoding=\"async\" width=\"1200\" height=\"630\" src=\"https:\/\/www.socialfootballsummit.com\/wp-content\/uploads\/2025\/04\/SFS-Villareal-15.jpg\" class=\"attachment-full size-full\" alt=\"SFS Vila Real\" srcset=\"https:\/\/www.socialfootballsummit.com\/wp-content\/uploads\/2025\/04\/SFS-Villareal-15.jpg 1200w, https:\/\/www.socialfootballsummit.com\/wp-content\/uploads\/2025\/04\/SFS-Villareal-15-300x158.jpg 300w, https:\/\/www.socialfootballsummit.com\/wp-content\/uploads\/2025\/04\/SFS-Villareal-15-1024x538.jpg 1024w, https:\/\/www.socialfootballsummit.com\/wp-content\/uploads\/2025\/04\/SFS-Villareal-15-768x403.jpg 768w\" sizes=\"auto, (max-width: 1200px) 100vw, 1200px\" \/>\t\t\t\t\t\t\t\t\t\t\t<\/a>\n\t\t\t\t\t\t\t\t\t<\/div>\n\t\t\t<\/div>\n\t\t\t\t\t\t\t\t<div class=\"qodef-ig-image qodef-item-space \">\n\t\t\t\t<div class=\"qodef-ig-image-inner\">\n\t\t\t\t\t\t\t\t\t\t\t<a itemprop=\"image\" class=\"qodef-ig-lightbox\" href=\"https:\/\/www.socialfootballsummit.com\/wp-content\/uploads\/2025\/04\/SFS-Villareal-16.jpg\" data-rel=\"prettyPhoto[image_gallery_pretty_photo-233]\" title=\"SFS-Villareal (16)\">\n\t\t\t\t\t\t\t\t\t\t\t<img loading=\"lazy\" decoding=\"async\" width=\"1200\" height=\"630\" src=\"https:\/\/www.socialfootballsummit.com\/wp-content\/uploads\/2025\/04\/SFS-Villareal-16.jpg\" class=\"attachment-full size-full\" alt=\"SFS Vila Real\" srcset=\"https:\/\/www.socialfootballsummit.com\/wp-content\/uploads\/2025\/04\/SFS-Villareal-16.jpg 1200w, https:\/\/www.socialfootballsummit.com\/wp-content\/uploads\/2025\/04\/SFS-Villareal-16-300x158.jpg 300w, https:\/\/www.socialfootballsummit.com\/wp-content\/uploads\/2025\/04\/SFS-Villareal-16-1024x538.jpg 1024w, https:\/\/www.socialfootballsummit.com\/wp-content\/uploads\/2025\/04\/SFS-Villareal-16-768x403.jpg 768w\" sizes=\"auto, (max-width: 1200px) 100vw, 1200px\" \/>\t\t\t\t\t\t\t\t\t\t\t<\/a>\n\t\t\t\t\t\t\t\t\t<\/div>\n\t\t\t<\/div>\n\t\t\t\t\t\t\t\t<div class=\"qodef-ig-image qodef-item-space \">\n\t\t\t\t<div class=\"qodef-ig-image-inner\">\n\t\t\t\t\t\t\t\t\t\t\t<a itemprop=\"image\" class=\"qodef-ig-lightbox\" href=\"https:\/\/www.socialfootballsummit.com\/wp-content\/uploads\/2025\/04\/SFS-Villareal-8.jpg\" data-rel=\"prettyPhoto[image_gallery_pretty_photo-233]\" title=\"SFS-Villareal (8)\">\n\t\t\t\t\t\t\t\t\t\t\t<img loading=\"lazy\" decoding=\"async\" width=\"1200\" height=\"630\" src=\"https:\/\/www.socialfootballsummit.com\/wp-content\/uploads\/2025\/04\/SFS-Villareal-8.jpg\" class=\"attachment-full size-full\" alt=\"SFS Vila Real\" srcset=\"https:\/\/www.socialfootballsummit.com\/wp-content\/uploads\/2025\/04\/SFS-Villareal-8.jpg 1200w, https:\/\/www.socialfootballsummit.com\/wp-content\/uploads\/2025\/04\/SFS-Villareal-8-300x158.jpg 300w, https:\/\/www.socialfootballsummit.com\/wp-content\/uploads\/2025\/04\/SFS-Villareal-8-1024x538.jpg 1024w, https:\/\/www.socialfootballsummit.com\/wp-content\/uploads\/2025\/04\/SFS-Villareal-8-768x403.jpg 768w\" sizes=\"auto, (max-width: 1200px) 100vw, 1200px\" \/>\t\t\t\t\t\t\t\t\t\t\t<\/a>\n\t\t\t\t\t\t\t\t\t<\/div>\n\t\t\t<\/div>\n\t\t\t\t\t\t\t\t<div class=\"qodef-ig-image qodef-item-space \">\n\t\t\t\t<div class=\"qodef-ig-image-inner\">\n\t\t\t\t\t\t\t\t\t\t\t<a itemprop=\"image\" class=\"qodef-ig-lightbox\" href=\"https:\/\/www.socialfootballsummit.com\/wp-content\/uploads\/2025\/04\/SFS-Villareal-7.jpg\" data-rel=\"prettyPhoto[image_gallery_pretty_photo-233]\" title=\"SFS-Villareal (7)\">\n\t\t\t\t\t\t\t\t\t\t\t<img loading=\"lazy\" decoding=\"async\" width=\"1200\" height=\"630\" src=\"https:\/\/www.socialfootballsummit.com\/wp-content\/uploads\/2025\/04\/SFS-Villareal-7.jpg\" class=\"attachment-full size-full\" alt=\"SFS Vila RealSFS Vila Real\" srcset=\"https:\/\/www.socialfootballsummit.com\/wp-content\/uploads\/2025\/04\/SFS-Villareal-7.jpg 1200w, https:\/\/www.socialfootballsummit.com\/wp-content\/uploads\/2025\/04\/SFS-Villareal-7-300x158.jpg 300w, https:\/\/www.socialfootballsummit.com\/wp-content\/uploads\/2025\/04\/SFS-Villareal-7-1024x538.jpg 1024w, https:\/\/www.socialfootballsummit.com\/wp-content\/uploads\/2025\/04\/SFS-Villareal-7-768x403.jpg 768w\" sizes=\"auto, (max-width: 1200px) 100vw, 1200px\" \/>\t\t\t\t\t\t\t\t\t\t\t<\/a>\n\t\t\t\t\t\t\t\t\t<\/div>\n\t\t\t<\/div>\n\t\t\t\t\t\t\t\t<div class=\"qodef-ig-image qodef-item-space \">\n\t\t\t\t<div class=\"qodef-ig-image-inner\">\n\t\t\t\t\t\t\t\t\t\t\t<a itemprop=\"image\" class=\"qodef-ig-lightbox\" href=\"https:\/\/www.socialfootballsummit.com\/wp-content\/uploads\/2025\/04\/SFS-Villareal-6.jpg\" data-rel=\"prettyPhoto[image_gallery_pretty_photo-233]\" title=\"SFS-Villareal (6)\">\n\t\t\t\t\t\t\t\t\t\t\t<img loading=\"lazy\" decoding=\"async\" width=\"1200\" height=\"630\" src=\"https:\/\/www.socialfootballsummit.com\/wp-content\/uploads\/2025\/04\/SFS-Villareal-6.jpg\" class=\"attachment-full size-full\" alt=\"SFS Vila Real\" srcset=\"https:\/\/www.socialfootballsummit.com\/wp-content\/uploads\/2025\/04\/SFS-Villareal-6.jpg 1200w, https:\/\/www.socialfootballsummit.com\/wp-content\/uploads\/2025\/04\/SFS-Villareal-6-300x158.jpg 300w, https:\/\/www.socialfootballsummit.com\/wp-content\/uploads\/2025\/04\/SFS-Villareal-6-1024x538.jpg 1024w, https:\/\/www.socialfootballsummit.com\/wp-content\/uploads\/2025\/04\/SFS-Villareal-6-768x403.jpg 768w\" sizes=\"auto, (max-width: 1200px) 100vw, 1200px\" \/>\t\t\t\t\t\t\t\t\t\t\t<\/a>\n\t\t\t\t\t\t\t\t\t<\/div>\n\t\t\t<\/div>\n\t\t\t\t\t\t\t\t<div class=\"qodef-ig-image qodef-item-space \">\n\t\t\t\t<div class=\"qodef-ig-image-inner\">\n\t\t\t\t\t\t\t\t\t\t\t<a itemprop=\"image\" class=\"qodef-ig-lightbox\" href=\"https:\/\/www.socialfootballsummit.com\/wp-content\/uploads\/2025\/04\/SFS-Villareal-5.jpg\" data-rel=\"prettyPhoto[image_gallery_pretty_photo-233]\" title=\"SFS-Villareal (5)\">\n\t\t\t\t\t\t\t\t\t\t\t<img loading=\"lazy\" decoding=\"async\" width=\"1200\" height=\"630\" src=\"https:\/\/www.socialfootballsummit.com\/wp-content\/uploads\/2025\/04\/SFS-Villareal-5.jpg\" class=\"attachment-full size-full\" alt=\"SFS Vila Real\" srcset=\"https:\/\/www.socialfootballsummit.com\/wp-content\/uploads\/2025\/04\/SFS-Villareal-5.jpg 1200w, https:\/\/www.socialfootballsummit.com\/wp-content\/uploads\/2025\/04\/SFS-Villareal-5-300x158.jpg 300w, https:\/\/www.socialfootballsummit.com\/wp-content\/uploads\/2025\/04\/SFS-Villareal-5-1024x538.jpg 1024w, https:\/\/www.socialfootballsummit.com\/wp-content\/uploads\/2025\/04\/SFS-Villareal-5-768x403.jpg 768w\" sizes=\"auto, (max-width: 1200px) 100vw, 1200px\" \/>\t\t\t\t\t\t\t\t\t\t\t<\/a>\n\t\t\t\t\t\t\t\t\t<\/div>\n\t\t\t<\/div>\n\t\t\t\t\t\t\t\t<div class=\"qodef-ig-image qodef-item-space \">\n\t\t\t\t<div class=\"qodef-ig-image-inner\">\n\t\t\t\t\t\t\t\t\t\t\t<a itemprop=\"image\" class=\"qodef-ig-lightbox\" href=\"https:\/\/www.socialfootballsummit.com\/wp-content\/uploads\/2025\/04\/SFS-Villareal-4.jpg\" data-rel=\"prettyPhoto[image_gallery_pretty_photo-233]\" title=\"SFS-Villareal (4)\">\n\t\t\t\t\t\t\t\t\t\t\t<img loading=\"lazy\" decoding=\"async\" width=\"1200\" height=\"630\" src=\"https:\/\/www.socialfootballsummit.com\/wp-content\/uploads\/2025\/04\/SFS-Villareal-4.jpg\" class=\"attachment-full size-full\" alt=\"SFS Vila Real\" srcset=\"https:\/\/www.socialfootballsummit.com\/wp-content\/uploads\/2025\/04\/SFS-Villareal-4.jpg 1200w, https:\/\/www.socialfootballsummit.com\/wp-content\/uploads\/2025\/04\/SFS-Villareal-4-300x158.jpg 300w, https:\/\/www.socialfootballsummit.com\/wp-content\/uploads\/2025\/04\/SFS-Villareal-4-1024x538.jpg 1024w, https:\/\/www.socialfootballsummit.com\/wp-content\/uploads\/2025\/04\/SFS-Villareal-4-768x403.jpg 768w\" sizes=\"auto, (max-width: 1200px) 100vw, 1200px\" \/>\t\t\t\t\t\t\t\t\t\t\t<\/a>\n\t\t\t\t\t\t\t\t\t<\/div>\n\t\t\t<\/div>\n\t\t\t\t\t\t\t\t<div class=\"qodef-ig-image qodef-item-space \">\n\t\t\t\t<div class=\"qodef-ig-image-inner\">\n\t\t\t\t\t\t\t\t\t\t\t<a itemprop=\"image\" class=\"qodef-ig-lightbox\" href=\"https:\/\/www.socialfootballsummit.com\/wp-content\/uploads\/2025\/04\/SFS-Villareal-3.jpg\" data-rel=\"prettyPhoto[image_gallery_pretty_photo-233]\" title=\"SFS-Villareal (3)\">\n\t\t\t\t\t\t\t\t\t\t\t<img loading=\"lazy\" decoding=\"async\" width=\"1200\" height=\"630\" src=\"https:\/\/www.socialfootballsummit.com\/wp-content\/uploads\/2025\/04\/SFS-Villareal-3.jpg\" class=\"attachment-full size-full\" alt=\"SFS Vila Real\" srcset=\"https:\/\/www.socialfootballsummit.com\/wp-content\/uploads\/2025\/04\/SFS-Villareal-3.jpg 1200w, https:\/\/www.socialfootballsummit.com\/wp-content\/uploads\/2025\/04\/SFS-Villareal-3-300x158.jpg 300w, https:\/\/www.socialfootballsummit.com\/wp-content\/uploads\/2025\/04\/SFS-Villareal-3-1024x538.jpg 1024w, https:\/\/www.socialfootballsummit.com\/wp-content\/uploads\/2025\/04\/SFS-Villareal-3-768x403.jpg 768w\" sizes=\"auto, (max-width: 1200px) 100vw, 1200px\" \/>\t\t\t\t\t\t\t\t\t\t\t<\/a>\n\t\t\t\t\t\t\t\t\t<\/div>\n\t\t\t<\/div>\n\t\t\t\t\t\t\t\t<div class=\"qodef-ig-image qodef-item-space \">\n\t\t\t\t<div class=\"qodef-ig-image-inner\">\n\t\t\t\t\t\t\t\t\t\t\t<a itemprop=\"image\" class=\"qodef-ig-lightbox\" href=\"https:\/\/www.socialfootballsummit.com\/wp-content\/uploads\/2025\/04\/SFS-Villareal-2.jpg\" data-rel=\"prettyPhoto[image_gallery_pretty_photo-233]\" title=\"SFS-Villareal (2)\">\n\t\t\t\t\t\t\t\t\t\t\t<img loading=\"lazy\" decoding=\"async\" width=\"1200\" height=\"630\" src=\"https:\/\/www.socialfootballsummit.com\/wp-content\/uploads\/2025\/04\/SFS-Villareal-2.jpg\" class=\"attachment-full size-full\" alt=\"SFS Vila Real\" srcset=\"https:\/\/www.socialfootballsummit.com\/wp-content\/uploads\/2025\/04\/SFS-Villareal-2.jpg 1200w, https:\/\/www.socialfootballsummit.com\/wp-content\/uploads\/2025\/04\/SFS-Villareal-2-300x158.jpg 300w, https:\/\/www.socialfootballsummit.com\/wp-content\/uploads\/2025\/04\/SFS-Villareal-2-1024x538.jpg 1024w, https:\/\/www.socialfootballsummit.com\/wp-content\/uploads\/2025\/04\/SFS-Villareal-2-768x403.jpg 768w\" sizes=\"auto, (max-width: 1200px) 100vw, 1200px\" \/>\t\t\t\t\t\t\t\t\t\t\t<\/a>\n\t\t\t\t\t\t\t\t\t<\/div>\n\t\t\t<\/div>\n\t\t\t\t\t\t\t\t<div class=\"qodef-ig-image qodef-item-space \">\n\t\t\t\t<div class=\"qodef-ig-image-inner\">\n\t\t\t\t\t\t\t\t\t\t\t<a itemprop=\"image\" class=\"qodef-ig-lightbox\" href=\"https:\/\/www.socialfootballsummit.com\/wp-content\/uploads\/2025\/04\/SFS-Villareal-1.jpg\" data-rel=\"prettyPhoto[image_gallery_pretty_photo-233]\" title=\"SFS-Villareal (1)\">\n\t\t\t\t\t\t\t\t\t\t\t<img loading=\"lazy\" decoding=\"async\" width=\"1200\" height=\"630\" src=\"https:\/\/www.socialfootballsummit.com\/wp-content\/uploads\/2025\/04\/SFS-Villareal-1.jpg\" class=\"attachment-full size-full\" alt=\"SFS Vila Real\" srcset=\"https:\/\/www.socialfootballsummit.com\/wp-content\/uploads\/2025\/04\/SFS-Villareal-1.jpg 1200w, https:\/\/www.socialfootballsummit.com\/wp-content\/uploads\/2025\/04\/SFS-Villareal-1-300x158.jpg 300w, https:\/\/www.socialfootballsummit.com\/wp-content\/uploads\/2025\/04\/SFS-Villareal-1-1024x538.jpg 1024w, https:\/\/www.socialfootballsummit.com\/wp-content\/uploads\/2025\/04\/SFS-Villareal-1-768x403.jpg 768w\" sizes=\"auto, (max-width: 1200px) 100vw, 1200px\" \/>\t\t\t\t\t\t\t\t\t\t\t<\/a>\n\t\t\t\t\t\t\t\t\t<\/div>\n\t\t\t<\/div>\n\t\t\t\t\t\t\t\t<div class=\"qodef-ig-image qodef-item-space \">\n\t\t\t\t<div class=\"qodef-ig-image-inner\">\n\t\t\t\t\t\t\t\t\t\t\t<a itemprop=\"image\" class=\"qodef-ig-lightbox\" href=\"https:\/\/www.socialfootballsummit.com\/wp-content\/uploads\/2025\/04\/SFS-Villareal-18.jpg\" data-rel=\"prettyPhoto[image_gallery_pretty_photo-233]\" title=\"SFS-Villareal (18)\">\n\t\t\t\t\t\t\t\t\t\t\t<img loading=\"lazy\" decoding=\"async\" width=\"1200\" height=\"630\" src=\"https:\/\/www.socialfootballsummit.com\/wp-content\/uploads\/2025\/04\/SFS-Villareal-18.jpg\" class=\"attachment-full size-full\" alt=\"SFS Vila Real\" srcset=\"https:\/\/www.socialfootballsummit.com\/wp-content\/uploads\/2025\/04\/SFS-Villareal-18.jpg 1200w, https:\/\/www.socialfootballsummit.com\/wp-content\/uploads\/2025\/04\/SFS-Villareal-18-300x158.jpg 300w, https:\/\/www.socialfootballsummit.com\/wp-content\/uploads\/2025\/04\/SFS-Villareal-18-1024x538.jpg 1024w, https:\/\/www.socialfootballsummit.com\/wp-content\/uploads\/2025\/04\/SFS-Villareal-18-768x403.jpg 768w\" sizes=\"auto, (max-width: 1200px) 100vw, 1200px\" \/>\t\t\t\t\t\t\t\t\t\t\t<\/a>\n\t\t\t\t\t\t\t\t\t<\/div>\n\t\t\t<\/div>\n\t\t\t\t\t\t\t\t<div class=\"qodef-ig-image qodef-item-space \">\n\t\t\t\t<div class=\"qodef-ig-image-inner\">\n\t\t\t\t\t\t\t\t\t\t\t<a itemprop=\"image\" class=\"qodef-ig-lightbox\" href=\"https:\/\/www.socialfootballsummit.com\/wp-content\/uploads\/2025\/04\/SFS-Villareal-17.jpg\" data-rel=\"prettyPhoto[image_gallery_pretty_photo-233]\" title=\"SFS-Villareal (17)\">\n\t\t\t\t\t\t\t\t\t\t\t<img loading=\"lazy\" decoding=\"async\" width=\"1200\" height=\"630\" src=\"https:\/\/www.socialfootballsummit.com\/wp-content\/uploads\/2025\/04\/SFS-Villareal-17.jpg\" class=\"attachment-full size-full\" alt=\"SFS Vila Real\" srcset=\"https:\/\/www.socialfootballsummit.com\/wp-content\/uploads\/2025\/04\/SFS-Villareal-17.jpg 1200w, https:\/\/www.socialfootballsummit.com\/wp-content\/uploads\/2025\/04\/SFS-Villareal-17-300x158.jpg 300w, https:\/\/www.socialfootballsummit.com\/wp-content\/uploads\/2025\/04\/SFS-Villareal-17-1024x538.jpg 1024w, https:\/\/www.socialfootballsummit.com\/wp-content\/uploads\/2025\/04\/SFS-Villareal-17-768x403.jpg 768w\" sizes=\"auto, (max-width: 1200px) 100vw, 1200px\" \/>\t\t\t\t\t\t\t\t\t\t\t<\/a>\n\t\t\t\t\t\t\t\t\t<\/div>\n\t\t\t<\/div>\n\t\t\t<\/div>\n<\/div>[vc_empty_space height=&#8221;50&#8243;][\/vc_column][\/vc_row]<\/p>\n<\/div>","protected":false},"excerpt":{"rendered":"<p>[vc_row el_id=&#8221;duecolonne-home&#8221;][vc_column][vc_row_inner equal_height=&#8221;yes&#8221; simple_background_color=&#8221;#dddddd&#8221;][vc_column_inner width=&#8221;1\/2&#8243; css=&#8221;.vc_custom_1716816267724{padding-top: 150px !important;padding-right: 115px !important;padding-bottom: 150px !important;padding-left: 115px !important;background-color: #ffffff !important;}&#8221;][vc_empty_space height=&#8221;10px&#8221;][vc_empty_space height=&#8221;15px&#8221;][vc_column_text css=&#8221;.vc_custom_1744724222407{margin-top: 15px !important;}&#8221;]SFS Snack Vila-real sar\u00e0 un punto di riferimento per il dibattito sul rapporto tra infrastrutture calcistiche e sviluppo urbano. Ospitato nell\u2019iconico Estadio de la Cer\u00e1mica, l\u2019evento metter\u00e0 in evidenza come gli investimenti negli stadi possano favorire la crescita economica, rafforzare l\u2019identit\u00e0 cittadina e contribuire alla rigenerazione urbana. La ristrutturazione della casa del Villarreal CF \u00e8 un esempio concreto di come [&hellip;]<\/p>\n","protected":false},"author":1,"featured_media":0,"parent":17779,"menu_order":0,"comment_status":"closed","ping_status":"closed","template":"full-width.php","meta":{"_acf_changed":false,"inline_featured_image":false,"footnotes":""},"coauthors":[],"class_list":["post-25258","page","type-page","status-publish","hentry"],"acf":[],"yoast_head":"<!-- This site is optimized with the Yoast SEO plugin v24.4 - https:\/\/yoast.com\/wordpress\/plugins\/seo\/ -->\n<title>Vila Real - SFS<\/title>\n<meta name=\"description\" content=\"SFS Snack - La conferenza itinerante, della durata di 2 ore, prevede 2-3 panel con la partecipazione di 10 relatori di alto livello. L&#039;evento \u00e8 stato ideato per promuovere l&#039;internazionalizzazione e la crescita dell&#039;industria del calcio, offrendo spunti preziosi e stimolando discussioni su argomenti strategici e attuali.\" \/>\n<meta name=\"robots\" content=\"index, follow, max-snippet:-1, max-image-preview:large, max-video-preview:-1\" \/>\n<link rel=\"canonical\" href=\"https:\/\/www.socialfootballsummit.com\/it\/sfs-snack\/vila-real\/\" \/>\n<meta property=\"og:locale\" content=\"it_IT\" \/>\n<meta property=\"og:type\" content=\"article\" \/>\n<meta property=\"og:title\" content=\"Vila Real - SFS\" \/>\n<meta property=\"og:description\" content=\"SFS Snack - La conferenza itinerante, della durata di 2 ore, prevede 2-3 panel con la partecipazione di 10 relatori di alto livello. L&#039;evento \u00e8 stato ideato per promuovere l&#039;internazionalizzazione e la crescita dell&#039;industria del calcio, offrendo spunti preziosi e stimolando discussioni su argomenti strategici e attuali.\" \/>\n<meta property=\"og:url\" content=\"https:\/\/www.socialfootballsummit.com\/it\/sfs-snack\/vila-real\/\" \/>\n<meta property=\"og:site_name\" content=\"SFS\" \/>\n<meta property=\"article:publisher\" content=\"https:\/\/www.facebook.com\/sfsummit\" \/>\n<meta property=\"article:modified_time\" content=\"2025-04-16T07:45:12+00:00\" \/>\n<meta property=\"og:image\" content=\"https:\/\/www.socialfootballsummit.com\/wp-content\/uploads\/2025\/03\/SFSSnack_villareal_sfondo-sito_01-1.png\" \/>\n\t<meta property=\"og:image:width\" content=\"1920\" \/>\n\t<meta property=\"og:image:height\" content=\"1080\" \/>\n\t<meta property=\"og:image:type\" content=\"image\/png\" \/>\n<meta name=\"twitter:card\" content=\"summary_large_image\" \/>\n<meta name=\"twitter:image\" content=\"https:\/\/www.socialfootballsummit.com\/wp-content\/uploads\/2024\/05\/full-time_singolo_2324-cover-1024x538.jpg\" \/>\n<meta name=\"twitter:label1\" content=\"Tempo di lettura stimato\" \/>\n\t<meta name=\"twitter:data1\" content=\"8 minuti\" \/>\n\t<meta name=\"twitter:label2\" content=\"Scritto da\" \/>\n\t<meta name=\"twitter:data2\" content=\"admin-passy\" \/>\n<script type=\"application\/ld+json\" class=\"yoast-schema-graph\">{\"@context\":\"https:\/\/schema.org\",\"@graph\":[{\"@type\":\"WebPage\",\"@id\":\"https:\/\/www.socialfootballsummit.com\/it\/sfs-snack\/vila-real\/\",\"url\":\"https:\/\/www.socialfootballsummit.com\/it\/sfs-snack\/vila-real\/\",\"name\":\"Vila Real - SFS\",\"isPartOf\":{\"@id\":\"https:\/\/www.socialfootballsummit.com\/it\/#website\"},\"datePublished\":\"2025-02-25T10:56:14+00:00\",\"dateModified\":\"2025-04-16T07:45:12+00:00\",\"description\":\"SFS Snack - La conferenza itinerante, della durata di 2 ore, prevede 2-3 panel con la partecipazione di 10 relatori di alto livello. L'evento \u00e8 stato ideato per promuovere l'internazionalizzazione e la crescita dell'industria del calcio, offrendo spunti preziosi e stimolando discussioni su argomenti strategici e attuali.\",\"breadcrumb\":{\"@id\":\"https:\/\/www.socialfootballsummit.com\/it\/sfs-snack\/vila-real\/#breadcrumb\"},\"inLanguage\":\"it-IT\",\"potentialAction\":[{\"@type\":\"ReadAction\",\"target\":[\"https:\/\/www.socialfootballsummit.com\/it\/sfs-snack\/vila-real\/\"]}]},{\"@type\":\"BreadcrumbList\",\"@id\":\"https:\/\/www.socialfootballsummit.com\/it\/sfs-snack\/vila-real\/#breadcrumb\",\"itemListElement\":[{\"@type\":\"ListItem\",\"position\":1,\"name\":\"Home\",\"item\":\"https:\/\/www.socialfootballsummit.com\/it\/\"},{\"@type\":\"ListItem\",\"position\":2,\"name\":\"SFS Snack\",\"item\":\"https:\/\/www.socialfootballsummit.com\/it\/sfs-snack\/\"},{\"@type\":\"ListItem\",\"position\":3,\"name\":\"Vila Real\"}]},{\"@type\":\"WebSite\",\"@id\":\"https:\/\/www.socialfootballsummit.com\/it\/#website\",\"url\":\"https:\/\/www.socialfootballsummit.com\/it\/\",\"name\":\"SFS\",\"description\":\"\",\"publisher\":{\"@id\":\"https:\/\/www.socialfootballsummit.com\/it\/#organization\"},\"potentialAction\":[{\"@type\":\"SearchAction\",\"target\":{\"@type\":\"EntryPoint\",\"urlTemplate\":\"https:\/\/www.socialfootballsummit.com\/it\/?s={search_term_string}\"},\"query-input\":{\"@type\":\"PropertyValueSpecification\",\"valueRequired\":true,\"valueName\":\"search_term_string\"}}],\"inLanguage\":\"it-IT\"},{\"@type\":\"Organization\",\"@id\":\"https:\/\/www.socialfootballsummit.com\/it\/#organization\",\"name\":\"SFS\",\"url\":\"https:\/\/www.socialfootballsummit.com\/it\/\",\"logo\":{\"@type\":\"ImageObject\",\"inLanguage\":\"it-IT\",\"@id\":\"https:\/\/www.socialfootballsummit.com\/it\/#\/schema\/logo\/image\/\",\"url\":\"https:\/\/www.socialfootballsummit.com\/wp-content\/uploads\/2024\/06\/SFS-logo-696x696-1.jpg\",\"contentUrl\":\"https:\/\/www.socialfootballsummit.com\/wp-content\/uploads\/2024\/06\/SFS-logo-696x696-1.jpg\",\"width\":697,\"height\":696,\"caption\":\"SFS\"},\"image\":{\"@id\":\"https:\/\/www.socialfootballsummit.com\/it\/#\/schema\/logo\/image\/\"},\"sameAs\":[\"https:\/\/www.facebook.com\/sfsummit\",\"https:\/\/www.instagram.com\/social_football_summit\/\",\"https:\/\/www.youtube.com\/@socialfootballsummit\",\"https:\/\/www.linkedin.com\/showcase\/socialfootballsummit\/?originalSubdomain=it\"]}]}<\/script>\n<!-- \/ Yoast SEO plugin. -->","yoast_head_json":{"title":"Vila Real - SFS","description":"SFS Snack - La conferenza itinerante, della durata di 2 ore, prevede 2-3 panel con la partecipazione di 10 relatori di alto livello. L'evento \u00e8 stato ideato per promuovere l'internazionalizzazione e la crescita dell'industria del calcio, offrendo spunti preziosi e stimolando discussioni su argomenti strategici e attuali.","robots":{"index":"index","follow":"follow","max-snippet":"max-snippet:-1","max-image-preview":"max-image-preview:large","max-video-preview":"max-video-preview:-1"},"canonical":"https:\/\/www.socialfootballsummit.com\/it\/sfs-snack\/vila-real\/","og_locale":"it_IT","og_type":"article","og_title":"Vila Real - SFS","og_description":"SFS Snack - La conferenza itinerante, della durata di 2 ore, prevede 2-3 panel con la partecipazione di 10 relatori di alto livello. L'evento \u00e8 stato ideato per promuovere l'internazionalizzazione e la crescita dell'industria del calcio, offrendo spunti preziosi e stimolando discussioni su argomenti strategici e attuali.","og_url":"https:\/\/www.socialfootballsummit.com\/it\/sfs-snack\/vila-real\/","og_site_name":"SFS","article_publisher":"https:\/\/www.facebook.com\/sfsummit","article_modified_time":"2025-04-16T07:45:12+00:00","og_image":[{"width":1920,"height":1080,"url":"https:\/\/www.socialfootballsummit.com\/wp-content\/uploads\/2025\/03\/SFSSnack_villareal_sfondo-sito_01-1.png","type":"image\/png"}],"twitter_card":"summary_large_image","twitter_image":"https:\/\/www.socialfootballsummit.com\/wp-content\/uploads\/2024\/05\/full-time_singolo_2324-cover-1024x538.jpg","twitter_misc":{"Tempo di lettura stimato":"8 minuti","Scritto da":"admin-passy"},"schema":{"@context":"https:\/\/schema.org","@graph":[{"@type":"WebPage","@id":"https:\/\/www.socialfootballsummit.com\/it\/sfs-snack\/vila-real\/","url":"https:\/\/www.socialfootballsummit.com\/it\/sfs-snack\/vila-real\/","name":"Vila Real - SFS","isPartOf":{"@id":"https:\/\/www.socialfootballsummit.com\/it\/#website"},"datePublished":"2025-02-25T10:56:14+00:00","dateModified":"2025-04-16T07:45:12+00:00","description":"SFS Snack - La conferenza itinerante, della durata di 2 ore, prevede 2-3 panel con la partecipazione di 10 relatori di alto livello. L'evento \u00e8 stato ideato per promuovere l'internazionalizzazione e la crescita dell'industria del calcio, offrendo spunti preziosi e stimolando discussioni su argomenti strategici e attuali.","breadcrumb":{"@id":"https:\/\/www.socialfootballsummit.com\/it\/sfs-snack\/vila-real\/#breadcrumb"},"inLanguage":"it-IT","potentialAction":[{"@type":"ReadAction","target":["https:\/\/www.socialfootballsummit.com\/it\/sfs-snack\/vila-real\/"]}]},{"@type":"BreadcrumbList","@id":"https:\/\/www.socialfootballsummit.com\/it\/sfs-snack\/vila-real\/#breadcrumb","itemListElement":[{"@type":"ListItem","position":1,"name":"Home","item":"https:\/\/www.socialfootballsummit.com\/it\/"},{"@type":"ListItem","position":2,"name":"SFS Snack","item":"https:\/\/www.socialfootballsummit.com\/it\/sfs-snack\/"},{"@type":"ListItem","position":3,"name":"Vila Real"}]},{"@type":"WebSite","@id":"https:\/\/www.socialfootballsummit.com\/it\/#website","url":"https:\/\/www.socialfootballsummit.com\/it\/","name":"SFS","description":"","publisher":{"@id":"https:\/\/www.socialfootballsummit.com\/it\/#organization"},"potentialAction":[{"@type":"SearchAction","target":{"@type":"EntryPoint","urlTemplate":"https:\/\/www.socialfootballsummit.com\/it\/?s={search_term_string}"},"query-input":{"@type":"PropertyValueSpecification","valueRequired":true,"valueName":"search_term_string"}}],"inLanguage":"it-IT"},{"@type":"Organization","@id":"https:\/\/www.socialfootballsummit.com\/it\/#organization","name":"SFS","url":"https:\/\/www.socialfootballsummit.com\/it\/","logo":{"@type":"ImageObject","inLanguage":"it-IT","@id":"https:\/\/www.socialfootballsummit.com\/it\/#\/schema\/logo\/image\/","url":"https:\/\/www.socialfootballsummit.com\/wp-content\/uploads\/2024\/06\/SFS-logo-696x696-1.jpg","contentUrl":"https:\/\/www.socialfootballsummit.com\/wp-content\/uploads\/2024\/06\/SFS-logo-696x696-1.jpg","width":697,"height":696,"caption":"SFS"},"image":{"@id":"https:\/\/www.socialfootballsummit.com\/it\/#\/schema\/logo\/image\/"},"sameAs":["https:\/\/www.facebook.com\/sfsummit","https:\/\/www.instagram.com\/social_football_summit\/","https:\/\/www.youtube.com\/@socialfootballsummit","https:\/\/www.linkedin.com\/showcase\/socialfootballsummit\/?originalSubdomain=it"]}]}},"_links":{"self":[{"href":"https:\/\/www.socialfootballsummit.com\/it\/wp-json\/wp\/v2\/pages\/25258","targetHints":{"allow":["GET"]}}],"collection":[{"href":"https:\/\/www.socialfootballsummit.com\/it\/wp-json\/wp\/v2\/pages"}],"about":[{"href":"https:\/\/www.socialfootballsummit.com\/it\/wp-json\/wp\/v2\/types\/page"}],"author":[{"embeddable":true,"href":"https:\/\/www.socialfootballsummit.com\/it\/wp-json\/wp\/v2\/users\/1"}],"replies":[{"embeddable":true,"href":"https:\/\/www.socialfootballsummit.com\/it\/wp-json\/wp\/v2\/comments?post=25258"}],"version-history":[{"count":24,"href":"https:\/\/www.socialfootballsummit.com\/it\/wp-json\/wp\/v2\/pages\/25258\/revisions"}],"predecessor-version":[{"id":25913,"href":"https:\/\/www.socialfootballsummit.com\/it\/wp-json\/wp\/v2\/pages\/25258\/revisions\/25913"}],"up":[{"embeddable":true,"href":"https:\/\/www.socialfootballsummit.com\/it\/wp-json\/wp\/v2\/pages\/17779"}],"wp:attachment":[{"href":"https:\/\/www.socialfootballsummit.com\/it\/wp-json\/wp\/v2\/media?parent=25258"}],"wp:term":[{"taxonomy":"author","embeddable":true,"href":"https:\/\/www.socialfootballsummit.com\/it\/wp-json\/wp\/v2\/coauthors?post=25258"}],"curies":[{"name":"wp","href":"https:\/\/api.w.org\/{rel}","templated":true}]}}