{"id":26906,"date":"2025-07-03T16:21:56","date_gmt":"2025-07-03T14:21:56","guid":{"rendered":"https:\/\/www.socialfootballsummit.com\/ticket-sfs25\/press-media-pass\/"},"modified":"2026-04-29T09:41:56","modified_gmt":"2026-04-29T07:41:56","slug":"press-media-pass","status":"publish","type":"page","link":"https:\/\/www.socialfootballsummit.com\/it\/ticket-sfs26\/press-media-pass\/","title":{"rendered":"Press &#038; Media Pass"},"content":{"rendered":"<div class=\"wpb-content-wrapper\"><p>[vc_row][vc_column][vc_row_inner equal_height=&#8221;yes&#8221; row_content_width=&#8221;grid&#8221; simple_background_color=&#8221;#ffffff&#8221;][vc_column_inner css=&#8221;.vc_custom_1716985711969{padding-top: 50px !important;padding-bottom: 50px !important;background-color: #ffffff !important;}&#8221;]<div class=\"qodef-section-title-holder   qodef-st-title-left qodef-st-normal-space qodef-st-with-animation\" >\n\t<div class=\"qodef-st-inner\">\n\t\t\t\t\t\t\t<div class=\"qodef-st-title-wrapper\">\n\t\t\t\t<h2 class=\"qodef-st-title\" style=\"color: #352c82\">\n\t\t\t\t\tJoin SFS26\t\t\t\t<\/h2>\n\t\t\t<\/div>\n\t\t\t\t\t<\/div>\n<\/div>[vc_column_text css=&#8221;.vc_custom_1777364544094{margin-top: 15px !important;}&#8221;]<strong>LINEE GUIDA<\/strong><\/p>\n<p>L&#8217;Ufficio Stampa di SFS valuta le richieste di accredito sulla base di uno dei seguenti requisiti:<\/p>\n<div class=\"form-group\">\n<ul>\n<li><label for=\"Newspaper\">Testata giornalistica<\/label><\/li>\n<li>Numero della tessera stampa<\/li>\n<\/ul>\n<\/div>\n<h6>NOTA: La categoria Stampa &amp; Media non include le seguenti figure professionali: account manager, sales manager, advertising manager, marketing manager, addetti alle pubbliche relazioni e social media manager con soli profili personali sulle piattaforme social.<\/h6>\n<p><strong>DIVIETO DI RIPRESE DEI PANEL<\/strong><\/p>\n<p>Tutti i partecipanti all\u2019evento SFS26 sono informati che \u00e8 severamente vietato registrare video dei panel. Questo divieto \u00e8 stato stabilito per tutelare i diritti di propriet\u00e0 intellettuale dei relatori e garantire un ambiente sicuro e rispettoso per tutti i partecipanti.<\/p>\n<p>Vi chiediamo gentilmente di rispettare questa regola e di non utilizzare dispositivi di registrazione durante i panel. Eventuali eccezioni possono essere autorizzate solo previo consenso del team organizzativo di SFS26.<\/p>\n<p><strong>PROCEDURA DI EMISSIONE<\/strong><\/p>\n<p>Una volta accettata la richiesta, riceverai un\u2019email di conferma dell\u2019accredito.<br \/>\nPer qualsiasi altra informazione, scrivi a<a href=\"mailto:marketing@socialfootballsummit.com\"> marketing@socialfootballsummit.com<\/a>[\/vc_column_text][\/vc_column_inner][\/vc_row_inner][\/vc_column][\/vc_row][vc_row css=&#8221;.vc_custom_1716803494993{background-color: #f4f4f4 !important;}&#8221;][vc_column][vc_row_inner row_content_width=&#8221;grid&#8221; css=&#8221;.vc_custom_1716985633205{margin-top: 50px !important;margin-bottom: 50px !important;}&#8221;][vc_column_inner]<div class=\"qodef-section-title-holder   qodef-st-title-left qodef-st-normal-space qodef-st-with-animation\" >\n\t<div class=\"qodef-st-inner\">\n\t\t\t\t\t\t\t<div class=\"qodef-st-title-wrapper\">\n\t\t\t\t<h2 class=\"qodef-st-title\" style=\"color: #352c82\">\n\t\t\t\t\tPARTECIPA ALL'EVENTO\t\t\t\t<\/h2>\n\t\t\t<\/div>\n\t\t\t\t\t<\/div>\n<\/div>[vc_empty_space]\n<div class=\"wpcf7 no-js\" id=\"wpcf7-f26702-o1\" lang=\"en-US\" dir=\"ltr\">\n<div class=\"screen-reader-response\"><p role=\"status\" aria-live=\"polite\" aria-atomic=\"true\"><\/p> <ul><\/ul><\/div>\n<form action=\"\/it\/wp-json\/wp\/v2\/pages\/26906#wpcf7-f26702-o1\" method=\"post\" class=\"wpcf7-form init\" aria-label=\"Contact form\" novalidate=\"novalidate\" data-status=\"init\">\n<div style=\"display: none;\">\n<input type=\"hidden\" name=\"_wpcf7\" value=\"26702\" \/>\n<input type=\"hidden\" name=\"_wpcf7_version\" value=\"5.9.4\" \/>\n<input type=\"hidden\" name=\"_wpcf7_locale\" value=\"en_US\" \/>\n<input type=\"hidden\" name=\"_wpcf7_unit_tag\" value=\"wpcf7-f26702-o1\" \/>\n<input type=\"hidden\" name=\"_wpcf7_container_post\" value=\"0\" \/>\n<input type=\"hidden\" name=\"_wpcf7_posted_data_hash\" value=\"\" \/>\n<input type=\"hidden\" name=\"_wpcf7_recaptcha_response\" value=\"\" \/>\n<\/div>\n<div class=\"formsnack-row\">\n\t<div class=\"form-group\">\n\t\t<p><label for=\"name\">Nome<\/label><br \/>\n<span class=\"wpcf7-form-control-wrap\" data-name=\"name-742\"><input size=\"40\" class=\"wpcf7-form-control wpcf7-text wpcf7-validates-as-required\" aria-required=\"true\" aria-invalid=\"false\" value=\"\" type=\"text\" name=\"name-742\" \/><\/span>\n\t\t<\/p>\n\t<\/div>\n\t<div class=\"form-group\">\n\t\t<p><label for=\"surname\">Cognome<\/label><br \/>\n<span class=\"wpcf7-form-control-wrap\" data-name=\"surname-742\"><input size=\"40\" class=\"wpcf7-form-control wpcf7-text wpcf7-validates-as-required\" aria-required=\"true\" aria-invalid=\"false\" value=\"\" type=\"text\" name=\"surname-742\" \/><\/span>\n\t\t<\/p>\n\t<\/div>\n\t<div class=\"form-group\">\n\t\t<p><label for=\"email\">Email<\/label><br \/>\n<span class=\"wpcf7-form-control-wrap\" data-name=\"email-press-670\"><input size=\"40\" class=\"wpcf7-form-control wpcf7-email wpcf7-validates-as-required wpcf7-text wpcf7-validates-as-email\" aria-required=\"true\" aria-invalid=\"false\" value=\"\" type=\"email\" name=\"email-press-670\" \/><\/span>\n\t\t<\/p>\n\t<\/div>\n\t<div class=\"form-group\">\n\t\t<p><label for=\"Phone\">Telefono<\/label><br \/>\n<span class=\"wpcf7-form-control-wrap\" data-name=\"tel--press-232\"><input size=\"40\" class=\"wpcf7-form-control wpcf7-tel wpcf7-validates-as-required wpcf7-text wpcf7-validates-as-tel\" aria-required=\"true\" aria-invalid=\"false\" value=\"\" type=\"tel\" name=\"tel--press-232\" \/><\/span>\n\t\t<\/p>\n\t<\/div>\n<\/div>\n<div class=\"formsnack-row\">\n\t<div class=\"form-group\">\n\t\t<p><label for=\"Newspaper\">Testata giornalistica<\/label><br \/>\n<span class=\"wpcf7-form-control-wrap\" data-name=\"newspaper-742\"><input size=\"40\" class=\"wpcf7-form-control wpcf7-text wpcf7-validates-as-required\" aria-required=\"true\" aria-invalid=\"false\" value=\"\" type=\"text\" name=\"newspaper-742\" \/><\/span>\n\t\t<\/p>\n\t<\/div>\n\t<div class=\"form-group\">\n\t\t<p><label for=\"press\">Numero Tessera<\/label><br \/>\n<span class=\"wpcf7-form-control-wrap\" data-name=\"number-336\"><input size=\"40\" class=\"wpcf7-form-control wpcf7-text wpcf7-validates-as-required\" aria-required=\"true\" aria-invalid=\"false\" value=\"\" type=\"text\" name=\"number-336\" \/><\/span>\n\t\t<\/p>\n\t<\/div>\n\t<div class=\"form-group\" style=\"text-align:center; width: 100%;\">\n\t\t<p><button type=\"submit\">Richiedi il pass<\/button>\n\t\t<\/p>\n\t<\/div>\n\n<\/div><div class=\"wpcf7-response-output\" aria-hidden=\"true\"><\/div>\n<\/form>\n<\/div>\n[\/vc_column_inner][\/vc_row_inner][\/vc_column][\/vc_row]<\/p>\n<\/div>","protected":false},"excerpt":{"rendered":"<p>[vc_row][vc_column][vc_row_inner equal_height=&#8221;yes&#8221; row_content_width=&#8221;grid&#8221; simple_background_color=&#8221;#ffffff&#8221;][vc_column_inner css=&#8221;.vc_custom_1716985711969{padding-top: 50px !important;padding-bottom: 50px !important;background-color: #ffffff !important;}&#8221;][vc_column_text css=&#8221;.vc_custom_1777364544094{margin-top: 15px !important;}&#8221;]LINEE GUIDA L&#8217;Ufficio Stampa di SFS valuta le richieste di accredito sulla base di uno dei seguenti requisiti: Testata giornalistica Numero della tessera stampa NOTA: La categoria Stampa &amp; Media non include le seguenti figure professionali: account manager, sales manager, advertising manager, marketing manager, addetti alle pubbliche relazioni e social media manager con soli profili personali sulle piattaforme social. DIVIETO DI RIPRESE DEI PANEL Tutti i partecipanti [&hellip;]<\/p>\n","protected":false},"author":3,"featured_media":0,"parent":26697,"menu_order":0,"comment_status":"closed","ping_status":"closed","template":"full-width.php","meta":{"_acf_changed":false,"inline_featured_image":false,"footnotes":""},"coauthors":[764],"class_list":["post-26906","page","type-page","status-publish","hentry"],"acf":[],"yoast_head":"<!-- This site is optimized with the Yoast SEO plugin v24.4 - https:\/\/yoast.com\/wordpress\/plugins\/seo\/ -->\n<title>Press &amp; Media Pass - SFS<\/title>\n<meta name=\"description\" content=\"Richiedi il tuo Press &amp; Media Pass per SFS25 all&#039;Allianz Stadium di Torino. Riservato ai professionisti dei media verificati. Accesso limitato: richiedi subito il tuo accredito!\" \/>\n<meta name=\"robots\" content=\"index, follow, max-snippet:-1, max-image-preview:large, max-video-preview:-1\" \/>\n<link rel=\"canonical\" href=\"https:\/\/www.socialfootballsummit.com\/it\/ticket-sfs26\/press-media-pass\/\" \/>\n<meta property=\"og:locale\" content=\"it_IT\" \/>\n<meta property=\"og:type\" content=\"article\" \/>\n<meta property=\"og:title\" content=\"Press &amp; Media Pass - SFS\" \/>\n<meta property=\"og:description\" content=\"Richiedi il tuo Press &amp; Media Pass per SFS25 all&#039;Allianz Stadium di Torino. Riservato ai professionisti dei media verificati. Accesso limitato: richiedi subito il tuo accredito!\" \/>\n<meta property=\"og:url\" content=\"https:\/\/www.socialfootballsummit.com\/it\/ticket-sfs26\/press-media-pass\/\" \/>\n<meta property=\"og:site_name\" content=\"SFS\" \/>\n<meta property=\"article:publisher\" content=\"https:\/\/www.facebook.com\/sfsummit\" \/>\n<meta property=\"article:modified_time\" content=\"2026-04-29T07:41:56+00:00\" \/>\n<meta property=\"og:image\" content=\"https:\/\/www.socialfootballsummit.com\/wp-content\/uploads\/2025\/07\/sfs25_ticketing_conferma-email-600x300.jpg\" \/>\n<meta name=\"twitter:card\" content=\"summary_large_image\" \/>\n<meta name=\"twitter:label1\" content=\"Tempo di lettura stimato\" \/>\n\t<meta name=\"twitter:data1\" content=\"2 minuti\" \/>\n\t<meta name=\"twitter:label2\" content=\"Scritto da\" \/>\n\t<meta name=\"twitter:data2\" content=\"A. Canichella\" \/>\n<script type=\"application\/ld+json\" class=\"yoast-schema-graph\">{\"@context\":\"https:\/\/schema.org\",\"@graph\":[{\"@type\":\"WebPage\",\"@id\":\"https:\/\/www.socialfootballsummit.com\/it\/ticket-sfs26\/press-media-pass\/\",\"url\":\"https:\/\/www.socialfootballsummit.com\/it\/ticket-sfs26\/press-media-pass\/\",\"name\":\"Press & Media Pass - SFS\",\"isPartOf\":{\"@id\":\"https:\/\/www.socialfootballsummit.com\/it\/#website\"},\"datePublished\":\"2025-07-03T14:21:56+00:00\",\"dateModified\":\"2026-04-29T07:41:56+00:00\",\"description\":\"Richiedi il tuo Press & Media Pass per SFS25 all'Allianz Stadium di Torino. Riservato ai professionisti dei media verificati. Accesso limitato: richiedi subito il tuo accredito!\",\"breadcrumb\":{\"@id\":\"https:\/\/www.socialfootballsummit.com\/it\/ticket-sfs26\/press-media-pass\/#breadcrumb\"},\"inLanguage\":\"it-IT\",\"potentialAction\":[{\"@type\":\"ReadAction\",\"target\":[\"https:\/\/www.socialfootballsummit.com\/it\/ticket-sfs26\/press-media-pass\/\"]}]},{\"@type\":\"BreadcrumbList\",\"@id\":\"https:\/\/www.socialfootballsummit.com\/it\/ticket-sfs26\/press-media-pass\/#breadcrumb\",\"itemListElement\":[{\"@type\":\"ListItem\",\"position\":1,\"name\":\"Home\",\"item\":\"https:\/\/www.socialfootballsummit.com\/it\/\"},{\"@type\":\"ListItem\",\"position\":2,\"name\":\"Tickets\",\"item\":\"https:\/\/www.socialfootballsummit.com\/it\/ticket-sfs26\/\"},{\"@type\":\"ListItem\",\"position\":3,\"name\":\"Press &#038; Media Pass\"}]},{\"@type\":\"WebSite\",\"@id\":\"https:\/\/www.socialfootballsummit.com\/it\/#website\",\"url\":\"https:\/\/www.socialfootballsummit.com\/it\/\",\"name\":\"SFS\",\"description\":\"\",\"publisher\":{\"@id\":\"https:\/\/www.socialfootballsummit.com\/it\/#organization\"},\"potentialAction\":[{\"@type\":\"SearchAction\",\"target\":{\"@type\":\"EntryPoint\",\"urlTemplate\":\"https:\/\/www.socialfootballsummit.com\/it\/?s={search_term_string}\"},\"query-input\":{\"@type\":\"PropertyValueSpecification\",\"valueRequired\":true,\"valueName\":\"search_term_string\"}}],\"inLanguage\":\"it-IT\"},{\"@type\":\"Organization\",\"@id\":\"https:\/\/www.socialfootballsummit.com\/it\/#organization\",\"name\":\"SFS\",\"url\":\"https:\/\/www.socialfootballsummit.com\/it\/\",\"logo\":{\"@type\":\"ImageObject\",\"inLanguage\":\"it-IT\",\"@id\":\"https:\/\/www.socialfootballsummit.com\/it\/#\/schema\/logo\/image\/\",\"url\":\"https:\/\/www.socialfootballsummit.com\/wp-content\/uploads\/2024\/06\/SFS-logo-696x696-1.jpg\",\"contentUrl\":\"https:\/\/www.socialfootballsummit.com\/wp-content\/uploads\/2024\/06\/SFS-logo-696x696-1.jpg\",\"width\":697,\"height\":696,\"caption\":\"SFS\"},\"image\":{\"@id\":\"https:\/\/www.socialfootballsummit.com\/it\/#\/schema\/logo\/image\/\"},\"sameAs\":[\"https:\/\/www.facebook.com\/sfsummit\",\"https:\/\/www.instagram.com\/social_football_summit\/\",\"https:\/\/www.youtube.com\/@socialfootballsummit\",\"https:\/\/www.linkedin.com\/showcase\/socialfootballsummit\/?originalSubdomain=it\"]}]}<\/script>\n<!-- \/ Yoast SEO plugin. -->","yoast_head_json":{"title":"Press & Media Pass - SFS","description":"Richiedi il tuo Press & Media Pass per SFS25 all'Allianz Stadium di Torino. Riservato ai professionisti dei media verificati. Accesso limitato: richiedi subito il tuo accredito!","robots":{"index":"index","follow":"follow","max-snippet":"max-snippet:-1","max-image-preview":"max-image-preview:large","max-video-preview":"max-video-preview:-1"},"canonical":"https:\/\/www.socialfootballsummit.com\/it\/ticket-sfs26\/press-media-pass\/","og_locale":"it_IT","og_type":"article","og_title":"Press & Media Pass - SFS","og_description":"Richiedi il tuo Press & Media Pass per SFS25 all'Allianz Stadium di Torino. Riservato ai professionisti dei media verificati. Accesso limitato: richiedi subito il tuo accredito!","og_url":"https:\/\/www.socialfootballsummit.com\/it\/ticket-sfs26\/press-media-pass\/","og_site_name":"SFS","article_publisher":"https:\/\/www.facebook.com\/sfsummit","article_modified_time":"2026-04-29T07:41:56+00:00","og_image":[{"url":"https:\/\/www.socialfootballsummit.com\/wp-content\/uploads\/2025\/07\/sfs25_ticketing_conferma-email-600x300.jpg","type":"","width":"","height":""}],"twitter_card":"summary_large_image","twitter_misc":{"Tempo di lettura stimato":"2 minuti","Scritto da":"A. Canichella"},"schema":{"@context":"https:\/\/schema.org","@graph":[{"@type":"WebPage","@id":"https:\/\/www.socialfootballsummit.com\/it\/ticket-sfs26\/press-media-pass\/","url":"https:\/\/www.socialfootballsummit.com\/it\/ticket-sfs26\/press-media-pass\/","name":"Press & Media Pass - SFS","isPartOf":{"@id":"https:\/\/www.socialfootballsummit.com\/it\/#website"},"datePublished":"2025-07-03T14:21:56+00:00","dateModified":"2026-04-29T07:41:56+00:00","description":"Richiedi il tuo Press & Media Pass per SFS25 all'Allianz Stadium di Torino. Riservato ai professionisti dei media verificati. Accesso limitato: richiedi subito il tuo accredito!","breadcrumb":{"@id":"https:\/\/www.socialfootballsummit.com\/it\/ticket-sfs26\/press-media-pass\/#breadcrumb"},"inLanguage":"it-IT","potentialAction":[{"@type":"ReadAction","target":["https:\/\/www.socialfootballsummit.com\/it\/ticket-sfs26\/press-media-pass\/"]}]},{"@type":"BreadcrumbList","@id":"https:\/\/www.socialfootballsummit.com\/it\/ticket-sfs26\/press-media-pass\/#breadcrumb","itemListElement":[{"@type":"ListItem","position":1,"name":"Home","item":"https:\/\/www.socialfootballsummit.com\/it\/"},{"@type":"ListItem","position":2,"name":"Tickets","item":"https:\/\/www.socialfootballsummit.com\/it\/ticket-sfs26\/"},{"@type":"ListItem","position":3,"name":"Press &#038; Media Pass"}]},{"@type":"WebSite","@id":"https:\/\/www.socialfootballsummit.com\/it\/#website","url":"https:\/\/www.socialfootballsummit.com\/it\/","name":"SFS","description":"","publisher":{"@id":"https:\/\/www.socialfootballsummit.com\/it\/#organization"},"potentialAction":[{"@type":"SearchAction","target":{"@type":"EntryPoint","urlTemplate":"https:\/\/www.socialfootballsummit.com\/it\/?s={search_term_string}"},"query-input":{"@type":"PropertyValueSpecification","valueRequired":true,"valueName":"search_term_string"}}],"inLanguage":"it-IT"},{"@type":"Organization","@id":"https:\/\/www.socialfootballsummit.com\/it\/#organization","name":"SFS","url":"https:\/\/www.socialfootballsummit.com\/it\/","logo":{"@type":"ImageObject","inLanguage":"it-IT","@id":"https:\/\/www.socialfootballsummit.com\/it\/#\/schema\/logo\/image\/","url":"https:\/\/www.socialfootballsummit.com\/wp-content\/uploads\/2024\/06\/SFS-logo-696x696-1.jpg","contentUrl":"https:\/\/www.socialfootballsummit.com\/wp-content\/uploads\/2024\/06\/SFS-logo-696x696-1.jpg","width":697,"height":696,"caption":"SFS"},"image":{"@id":"https:\/\/www.socialfootballsummit.com\/it\/#\/schema\/logo\/image\/"},"sameAs":["https:\/\/www.facebook.com\/sfsummit","https:\/\/www.instagram.com\/social_football_summit\/","https:\/\/www.youtube.com\/@socialfootballsummit","https:\/\/www.linkedin.com\/showcase\/socialfootballsummit\/?originalSubdomain=it"]}]}},"_links":{"self":[{"href":"https:\/\/www.socialfootballsummit.com\/it\/wp-json\/wp\/v2\/pages\/26906","targetHints":{"allow":["GET"]}}],"collection":[{"href":"https:\/\/www.socialfootballsummit.com\/it\/wp-json\/wp\/v2\/pages"}],"about":[{"href":"https:\/\/www.socialfootballsummit.com\/it\/wp-json\/wp\/v2\/types\/page"}],"author":[{"embeddable":true,"href":"https:\/\/www.socialfootballsummit.com\/it\/wp-json\/wp\/v2\/users\/3"}],"replies":[{"embeddable":true,"href":"https:\/\/www.socialfootballsummit.com\/it\/wp-json\/wp\/v2\/comments?post=26906"}],"version-history":[{"count":19,"href":"https:\/\/www.socialfootballsummit.com\/it\/wp-json\/wp\/v2\/pages\/26906\/revisions"}],"predecessor-version":[{"id":33853,"href":"https:\/\/www.socialfootballsummit.com\/it\/wp-json\/wp\/v2\/pages\/26906\/revisions\/33853"}],"up":[{"embeddable":true,"href":"https:\/\/www.socialfootballsummit.com\/it\/wp-json\/wp\/v2\/pages\/26697"}],"wp:attachment":[{"href":"https:\/\/www.socialfootballsummit.com\/it\/wp-json\/wp\/v2\/media?parent=26906"}],"wp:term":[{"taxonomy":"author","embeddable":true,"href":"https:\/\/www.socialfootballsummit.com\/it\/wp-json\/wp\/v2\/coauthors?post=26906"}],"curies":[{"name":"wp","href":"https:\/\/api.w.org\/{rel}","templated":true}]}}